{"id":1360,"date":"2024-05-13T17:17:08","date_gmt":"2024-05-13T15:17:08","guid":{"rendered":"http:\/\/www.monsoti.fr\/?page_id=1360"},"modified":"2024-05-22T16:17:00","modified_gmt":"2024-05-22T14:17:00","slug":"diversite","status":"publish","type":"page","link":"https:\/\/www.monsoti.fr\/index.php\/diversite\/","title":{"rendered":"L&rsquo;\u00e9galit\u00e9 des chances : un nouveau d\u00e9fi de d\u00e9veloppement"},"content":{"rendered":"\n<div class=\"wp-block-group alignfull has-background\" style=\"background-color:#f5eac1;padding-top:6vw;padding-right:6vw;padding-bottom:6vw;padding-left:6vw\"><div class=\"wp-block-group__inner-container is-layout-flow wp-block-group-is-layout-flow\">\n<div class=\"wp-block-group is-vertical is-nowrap is-layout-flex wp-container-core-group-is-layout-1 wp-block-group-is-layout-flex\" style=\"padding-right:0;padding-left:0\">\n<h6 class=\"wp-block-heading has-text-color\" id=\"ecosystem\" style=\"color:#000000;font-size:16px\">CHARTE DE LA DIVERSIT\u00c9 &#8211; 20 ANS A L&rsquo;ASSEMBL\u00c9E NATIONALE <\/h6>\n\n\n\n<p class=\"has-text-color\" style=\"color:#000000;font-size:55px;font-style:normal;font-weight:700;letter-spacing:0px;line-height:0.9;text-decoration:none;text-transform:none\">Agir pour le progr\u00e8s humain.<\/p>\n<\/div>\n\n\n\n<div style=\"height:1vw\" aria-hidden=\"true\" class=\"wp-block-spacer\"><\/div>\n\n\n\n<div class=\"wp-block-group alignwide is-vertical is-nowrap is-layout-flex wp-container-core-group-is-layout-2 wp-block-group-is-layout-flex\" style=\"padding-top:0;padding-right:0;padding-bottom:0;padding-left:0\">\n<div class=\"wp-block-columns alignwide is-layout-flex wp-container-core-columns-is-layout-1 wp-block-columns-is-layout-flex\">\n<div class=\"wp-block-column is-layout-flow wp-block-column-is-layout-flow\" style=\"flex-basis:33.38%\">\n<p><\/p>\n\n\n\n<p class=\"has-medium-font-size\"><strong>Nos entreprises sont engag\u00e9es RSE, l\u2019Humain est donc une pr\u00e9occupation incontournable au service de notre savoir-faire et de notre force interne.<\/strong><\/p>\n\n\n\n<p style=\"font-size:14px\">Les ressources humaines sont g\u00e9r\u00e9es en tenant compte des diversit\u00e9s culturelles, sociales, en luttant contre toutes formes de discrimination, en respectant l\u2019\u00e9quit\u00e9 et les Droits de l\u2019Homme \u00e0 tous les niveaux. Les origines des salari\u00e9s de notre entreprise sont diverses, plus de 53% de nos collaborateurs sont issus de la diversit\u00e9 et nous en sommes fiers. Pour aller plus loin pour un management respectueux des diff\u00e9rences et fond\u00e9 sur la confiance, les dirigeants ont souhait\u00e9 agir en faveur de la diversit\u00e9 et d\u00e9passer le cadre l\u00e9gal et juridique de la lutte contre les discriminations en signant la Charte de la Diversit\u00e9. La sensibilisation de nos parties prenantes internes et externes \u00e0 ces enjeux est importante, il est n\u00e9cessaire de promouvoir la diversit\u00e9 sur ces publics.<\/p>\n<\/div>\n\n\n\n<div class=\"wp-block-column is-layout-flow wp-block-column-is-layout-flow\" style=\"flex-basis:33%\">\n<div style=\"height:92px\" aria-hidden=\"true\" class=\"wp-block-spacer\"><\/div>\n\n\n\n<figure class=\"wp-block-image size-full\"><img decoding=\"async\" width=\"595\" height=\"841\" src=\"http:\/\/www.monsoti.fr\/wp-content\/uploads\/2024\/05\/Charte-de-la-Diversite-2.jpg\" alt=\"\" class=\"wp-image-1385\" srcset=\"https:\/\/www.monsoti.fr\/wp-content\/uploads\/2024\/05\/Charte-de-la-Diversite-2.jpg 595w, https:\/\/www.monsoti.fr\/wp-content\/uploads\/2024\/05\/Charte-de-la-Diversite-2-212x300.jpg 212w\" sizes=\"(max-width: 595px) 100vw, 595px\" \/><\/figure>\n<\/div>\n\n\n\n<div class=\"wp-block-column is-vertically-aligned-center is-layout-flow wp-block-column-is-layout-flow\" style=\"flex-basis:33.62%\">\n<figure class=\"wp-block-image size-large is-resized\"><img decoding=\"async\" width=\"1018\" height=\"1024\" src=\"http:\/\/www.monsoti.fr\/wp-content\/uploads\/2024\/05\/Groupe-GBE-1018x1024.jpg\" alt=\"\" class=\"wp-image-1386\" style=\"aspect-ratio:0.9966555183946488;width:298px;height:auto\" srcset=\"https:\/\/www.monsoti.fr\/wp-content\/uploads\/2024\/05\/Groupe-GBE-1018x1024.jpg 1018w, https:\/\/www.monsoti.fr\/wp-content\/uploads\/2024\/05\/Groupe-GBE-298x300.jpg 298w, https:\/\/www.monsoti.fr\/wp-content\/uploads\/2024\/05\/Groupe-GBE-80x80.jpg 80w, https:\/\/www.monsoti.fr\/wp-content\/uploads\/2024\/05\/Groupe-GBE-768x773.jpg 768w, https:\/\/www.monsoti.fr\/wp-content\/uploads\/2024\/05\/Groupe-GBE-1527x1536.jpg 1527w, https:\/\/www.monsoti.fr\/wp-content\/uploads\/2024\/05\/Groupe-GBE-2036x2048.jpg 2036w, https:\/\/www.monsoti.fr\/wp-content\/uploads\/2024\/05\/Groupe-GBE-scaled.jpg 1908w\" sizes=\"(max-width: 1018px) 100vw, 1018px\" \/><figcaption class=\"wp-element-caption\"><em>Signataire de la Charte<\/em><br><br><a href=\"https:\/\/www.charte-diversite.com\/lancement-des-20-ans-de-la-charte-a-lassemblee-nationale\/#:~:text=Vendredi%2022%20mars%202024%2C%20pr\u00e8s,la%20diversit\u00e9%20un%20concept%20vide.\"><strong><em>Lancement des 20 ans de la Charte \u00e0 l\u2019Assembl\u00e9e nationale<\/em><\/strong><\/a><\/figcaption><\/figure>\n<\/div>\n<\/div>\n\n\n\n<div class=\"wp-block-columns alignwide is-layout-flex wp-container-core-columns-is-layout-2 wp-block-columns-is-layout-flex\">\n<div class=\"wp-block-column is-layout-flow wp-block-column-is-layout-flow\" style=\"flex-basis:69%\"><div class=\"wp-block-image\">\n<figure class=\"alignright size-full is-resized\"><img decoding=\"async\" width=\"640\" height=\"480\" src=\"http:\/\/www.monsoti.fr\/wp-content\/uploads\/2024\/05\/TAILLE-Moyenne.jpeg\" alt=\"\" class=\"wp-image-1739\" style=\"width:498px;height:372px\" srcset=\"https:\/\/www.monsoti.fr\/wp-content\/uploads\/2024\/05\/TAILLE-Moyenne.jpeg 640w, https:\/\/www.monsoti.fr\/wp-content\/uploads\/2024\/05\/TAILLE-Moyenne-300x225.jpeg 300w\" sizes=\"(max-width: 640px) 100vw, 640px\" \/><figcaption class=\"wp-element-caption\"><em>Ivane SQUELBUT Directrice des partenariats France Travail, Fanta B\u00c9R\u00c9T\u00c9 D\u00e9put\u00e9e de Paris,&nbsp;St\u00e9phane ROUSSEL Pr\u00e9sident Les entreprises pour la Cit\u00e9 et Ambassadeur de la Charte de la Diversit\u00e9<\/em><\/figcaption><\/figure><\/div><\/div>\n\n\n\n<div class=\"wp-block-column is-vertically-aligned-top is-layout-flow wp-block-column-is-layout-flow\" style=\"flex-basis:33%\">\n<p class=\"has-text-color\" style=\"color:#000000;font-size:14px\">Nous partageons ces valeurs au sein de notre groupe et au-del\u00e0 dans notre r\u00e9seau d\u2019entreprises engag\u00e9es.<br><strong>Ainsi nous avons particip\u00e9 aux groupes de r\u00e9flexion d\u2019acteurs \u00e9conomiques&nbsp;:<br>Entrepreneurs, organisations patronales, r\u00e9seaux d&rsquo;entreprises et organismes publics \u00e0 l\u2019Assembl\u00e9e Nationale le 22 mars 2024.<\/strong><br>Nous \u00e9tions invit\u00e9s par Madame Fanta B\u00c9R\u00c9T\u00c9, D\u00e9put\u00e9e de Paris et l\u2019association Les entreprises pour la Cit\u00e9 \u00e0 l&rsquo;\u00e9v\u00e9nement de lancement des<br>20 ans de la Charte de la diversit\u00e9, pour c\u00e9l\u00e9brer les avanc\u00e9es des organisations signataires, tout en se fixant des objectifs encore plus ambitieux en termes d\u2019engagement, de mesure et de reporting.<br><br><strong>Le r\u00e9seau Les entreprises pour la Cit\u00e9, en charge de l\u2019animation de la Charte de la diversit\u00e9, nous a propos\u00e9 une programmation annuelle autour de plusieurs temps forts tout au long de 2024<\/strong><\/p>\n<\/div>\n<\/div>\n<\/div>\n<\/div><\/div>\n\n\n\n<p><\/p>\n\n\n\n<p><\/p>\n\n\n\n<div class=\"wp-block-group alignfull has-background\" style=\"background-color:#f5eac1;padding-top:6vw;padding-right:6vw;padding-bottom:6vw;padding-left:6vw\"><div class=\"wp-block-group__inner-container is-layout-flow wp-block-group-is-layout-flow\">\n<h6 class=\"wp-block-heading has-text-color\" id=\"ecosystem\" style=\"color:#000000;font-size:16px\">MIXIT\u00c9 FEMME-HOMME<\/h6>\n\n\n\n<div class=\"wp-block-group is-vertical is-nowrap is-layout-flex wp-container-core-group-is-layout-4 wp-block-group-is-layout-flex\" style=\"padding-right:0;padding-left:0\">\n<p class=\"has-text-color\" style=\"color:#000000;font-size:50px;font-style:normal;font-weight:700;letter-spacing:0px;line-height:0.9;text-decoration:none;text-transform:none\">Soutenir l&rsquo;\u00e9galit\u00e9 des chances<\/p>\n\n\n\n<p class=\"has-text-color\" style=\"color:#000000;font-size:50px;font-style:normal;font-weight:700;letter-spacing:0px;line-height:0.9;text-decoration:none;text-transform:none\">sur notre territoire.<\/p>\n<\/div>\n\n\n\n<div style=\"height:34px\" aria-hidden=\"true\" class=\"wp-block-spacer\"><\/div>\n\n\n\n<div class=\"wp-block-group alignwide is-vertical is-nowrap is-layout-flex wp-container-core-group-is-layout-6 wp-block-group-is-layout-flex\" style=\"padding-top:0;padding-right:0;padding-bottom:0;padding-left:0\">\n<div class=\"wp-block-columns alignwide is-not-stacked-on-mobile is-layout-flex wp-container-core-columns-is-layout-3 wp-block-columns-is-layout-flex\">\n<div class=\"wp-block-column is-layout-flow wp-block-column-is-layout-flow\" style=\"flex-basis:100%\">\n<p><strong>Compte tenu de la majorit\u00e9 d\u2019hommes dans l\u2019entreprise due \u00e0 la main d\u2019\u0153uvre du b\u00e2timent masculine, l\u2019entreprise ne peut r\u00e9pondre \u00e0 son devoir de mixit\u00e9 femme-homme.<br>Dans ce contexte, nous avons souhait\u00e9 intervenir et soutenir une \u00e9quipe sportive f\u00e9minine de football dans une ville aux quartiers d\u00e9favoris\u00e9s \u00e0 TORCY* et ainsi d\u00e9montrer notre d\u00e9marche pour la mixit\u00e9 et l\u2019\u00e9galit\u00e9 des chances.<\/strong><\/p>\n\n\n\n<p><\/p>\n\n\n\n<figure class=\"wp-block-gallery has-nested-images columns-default is-cropped wp-block-gallery-1 is-layout-flex wp-block-gallery-is-layout-flex\">\n<figure class=\"wp-block-image size-large\"><img decoding=\"async\" width=\"1024\" height=\"768\" src=\"http:\/\/www.monsoti.fr\/wp-content\/uploads\/2024\/05\/1-OK-1-1024x768.jpeg\" alt=\"\" class=\"wp-image-1530\" srcset=\"https:\/\/www.monsoti.fr\/wp-content\/uploads\/2024\/05\/1-OK-1-1024x768.jpeg 1024w, https:\/\/www.monsoti.fr\/wp-content\/uploads\/2024\/05\/1-OK-1-300x225.jpeg 300w, https:\/\/www.monsoti.fr\/wp-content\/uploads\/2024\/05\/1-OK-1-768x576.jpeg 768w, https:\/\/www.monsoti.fr\/wp-content\/uploads\/2024\/05\/1-OK-1-1536x1152.jpeg 1536w, https:\/\/www.monsoti.fr\/wp-content\/uploads\/2024\/05\/1-OK-1.jpeg 1920w\" sizes=\"(max-width: 1024px) 100vw, 1024px\" \/><\/figure>\n\n\n\n<figure class=\"wp-block-image size-large\"><img decoding=\"async\" width=\"1024\" height=\"768\" src=\"http:\/\/www.monsoti.fr\/wp-content\/uploads\/2024\/05\/2-OK-1024x768.jpeg\" alt=\"\" class=\"wp-image-1531\" srcset=\"https:\/\/www.monsoti.fr\/wp-content\/uploads\/2024\/05\/2-OK-1024x768.jpeg 1024w, https:\/\/www.monsoti.fr\/wp-content\/uploads\/2024\/05\/2-OK-300x225.jpeg 300w, https:\/\/www.monsoti.fr\/wp-content\/uploads\/2024\/05\/2-OK-768x576.jpeg 768w, https:\/\/www.monsoti.fr\/wp-content\/uploads\/2024\/05\/2-OK-1536x1152.jpeg 1536w, https:\/\/www.monsoti.fr\/wp-content\/uploads\/2024\/05\/2-OK.jpeg 1920w\" sizes=\"(max-width: 1024px) 100vw, 1024px\" \/><\/figure>\n<\/figure>\n\n\n\n<p style=\"font-size:15px\">C\u2019est-\u00e0-dire renforcer le droit des jeunes filles et des femmes \u00e0 participer \u00e0 l\u2019activit\u00e9 physique et au sport \u00e0 tous les niveaux contribuants ainsi \u00e0 l\u2019int\u00e9r\u00eat g\u00e9n\u00e9ral dans un objectif de sant\u00e9 publique.<\/p>\n\n\n\n<p style=\"font-size:15px\">Objectif : Permettre aux jeunes filles de pratiquer un autre sport que celui qui est toujours attribu\u00e9 aux femmes car leur place dans l\u2019\u00e9conomie du sport est en effet le reflet de leur place dans la soci\u00e9t\u00e9. Le sport au f\u00e9minin est vecteur de cr\u00e9ation de valeurs \u00e9conomiques, sociales, soci\u00e9tales, sportives et humaines, pour viser l\u2019excellence.&nbsp;<\/p>\n\n\n\n<p style=\"font-size:15px\">Nous souhaitons en effet valoriser la femme sportive de haut-niveau, pour lui donner la place qu\u2019elle m\u00e9rite et agir pour l\u2019\u00e9galit\u00e9 entre les femmes et les hommes, en tant que sportives, femmes et citoyennes.<\/p>\n\n\n\n<p style=\"font-size:15px\">Il est \u00e0 noter que ce club sportif affiche de tr\u00e8s beaux r\u00e9sultats aux comp\u00e9titions r\u00e9gionales, nationales et affrontent des \u00e9quipes de premi\u00e8re cat\u00e9gorie comme le PSG, le PFC, Reims etc&#8230; Le soutien de jeunes \u00e9quipes f\u00e9minines est prometteur pour r\u00e9v\u00e9ler des talents \u00e0 un niveau national.&nbsp;<\/p>\n<\/div>\n<\/div>\n\n\n\n<p style=\"font-size:17px\"><strong>Nous contribuons via notre contribution financi\u00e8re \u00e0 la formation sportive et au soutien de ces jeunes filles et nous partagerons cet engagement au travers des prises de paroles sur le site de l\u2018association afin de contribuer \u00e0 un pouvoir d\u2019influence responsable sur ces enjeux sociaux.<\/strong><\/p>\n\n\n\n<p class=\"has-text-align-center\" style=\"font-size:17px\"><a href=\"https:\/\/www.instagram.com\/p\/C6HmktAqllo\/?utm_source=qr&amp;img_index=1\"><strong><em>US TORCY sur Instagram<\/em><\/strong><\/a><\/p>\n\n\n\n<p style=\"font-size:17px\"><a href=\"https:\/\/torcyfoot.footeo.com\/actualite\/2024\/05\/22\/partenariat-groupe-gbe-us-torcy.html\"><em><strong>US TORCY Paris Vall\u00e9e de la Marne<\/strong><\/em><\/a><\/p>\n\n\n\n<p><\/p>\n\n\n\n<div class=\"wp-block-group\" style=\"font-size:0px\"><div class=\"wp-block-group__inner-container is-layout-constrained wp-block-group-is-layout-constrained\">\n<div class=\"wp-block-media-text alignwide has-media-on-the-right is-stacked-on-mobile is-vertically-aligned-top\" style=\"grid-template-columns:auto 30%\"><div class=\"wp-block-media-text__content\">\n<p><\/p>\n\n\n<div class=\"wp-block-image\">\n<figure class=\"alignright size-large is-resized\"><img decoding=\"async\" width=\"853\" height=\"1024\" src=\"http:\/\/www.monsoti.fr\/wp-content\/uploads\/2024\/05\/IMG_4371-1-853x1024.jpg\" alt=\"\" class=\"wp-image-1809\" style=\"width:193px;height:auto\" srcset=\"https:\/\/www.monsoti.fr\/wp-content\/uploads\/2024\/05\/IMG_4371-1-853x1024.jpg 853w, https:\/\/www.monsoti.fr\/wp-content\/uploads\/2024\/05\/IMG_4371-1-250x300.jpg 250w, https:\/\/www.monsoti.fr\/wp-content\/uploads\/2024\/05\/IMG_4371-1-768x922.jpg 768w, https:\/\/www.monsoti.fr\/wp-content\/uploads\/2024\/05\/IMG_4371-1-1280x1536.jpg 1280w, https:\/\/www.monsoti.fr\/wp-content\/uploads\/2024\/05\/IMG_4371-1-1706x2048.jpg 1706w, https:\/\/www.monsoti.fr\/wp-content\/uploads\/2024\/05\/IMG_4371-1-scaled.jpg 1600w\" sizes=\"(max-width: 853px) 100vw, 853px\" \/><\/figure><\/div><\/div><figure class=\"wp-block-media-text__media\"><video controls src=\"http:\/\/www.monsoti.fr\/wp-content\/uploads\/2024\/05\/VIDEO-US-TORCY.mp4\"><\/video><\/figure><\/div>\n\n\n\n<p><\/p>\n<\/div><\/div>\n\n\n\n<p style=\"font-size:11px\"><em>*Torcy fait partie des 5 villes de Seine-et-Marne avec le plus fort taux de pauvret\u00e9 (Melun 25%, Dammarie-les-Lys 21%, Meaux 21%, Torcy 18%, Chelles 15%)<\/em><\/p>\n<\/div>\n<\/div><\/div>\n","protected":false},"excerpt":{"rendered":"<p>CHARTE DE LA DIVERSIT\u00c9 &#8211; 20 ANS A L&rsquo;ASSEMBL\u00c9E NATIONALE Agir pour le progr\u00e8s humain. Nos entreprises sont engag\u00e9es RSE, l\u2019Humain est donc une pr\u00e9occupation incontournable au service de notre savoir-faire et de notre force interne. Les ressources humaines sont g\u00e9r\u00e9es en tenant compte des diversit\u00e9s culturelles, sociales, en luttant contre toutes formes de discrimination,<\/p><\/div>\n<div class=\"blog-btn\"><a href=\"https:\/\/www.monsoti.fr\/index.php\/diversite\/\" class=\"home-blog-btn\">Read More<\/a><\/p>\n","protected":false},"author":1,"featured_media":0,"parent":0,"menu_order":0,"comment_status":"closed","ping_status":"closed","template":"template\/template-page-full-width.php","meta":{"footnotes":""},"_links":{"self":[{"href":"https:\/\/www.monsoti.fr\/index.php\/wp-json\/wp\/v2\/pages\/1360"}],"collection":[{"href":"https:\/\/www.monsoti.fr\/index.php\/wp-json\/wp\/v2\/pages"}],"about":[{"href":"https:\/\/www.monsoti.fr\/index.php\/wp-json\/wp\/v2\/types\/page"}],"author":[{"embeddable":true,"href":"https:\/\/www.monsoti.fr\/index.php\/wp-json\/wp\/v2\/users\/1"}],"replies":[{"embeddable":true,"href":"https:\/\/www.monsoti.fr\/index.php\/wp-json\/wp\/v2\/comments?post=1360"}],"version-history":[{"count":0,"href":"https:\/\/www.monsoti.fr\/index.php\/wp-json\/wp\/v2\/pages\/1360\/revisions"}],"wp:attachment":[{"href":"https:\/\/www.monsoti.fr\/index.php\/wp-json\/wp\/v2\/media?parent=1360"}],"curies":[{"name":"wp","href":"https:\/\/api.w.org\/{rel}","templated":true}]}}